{"id":3898,"date":"2023-11-08T10:18:15","date_gmt":"2023-11-08T09:18:15","guid":{"rendered":"https:\/\/4v.fr\/marketing-tourisme\/?page_id=3898"},"modified":"2023-11-08T16:32:07","modified_gmt":"2023-11-08T15:32:07","slug":"mener-et-diriger-a-lere-de-la-rse","status":"publish","type":"page","link":"https:\/\/4v.fr\/marketing-tourisme\/mener-et-diriger-a-lere-de-la-rse\/","title":{"rendered":"Mener et diriger \u00e0 l&rsquo;\u00e8re de la RSE"},"content":{"rendered":"\n<h3 class=\"wp-block-heading\">Formation et coaching du dirigeant d&rsquo;OGD<\/h3>\n\n\n\n<div style=\"height:25px\" aria-hidden=\"true\" class=\"wp-block-spacer\"><\/div>\n\n\n\n<h1 class=\"wp-block-heading\">Mener et diriger \u00e0 l&rsquo;\u00e8re de la RSE<\/h1>\n\n\n\n<div style=\"height:25px\" aria-hidden=\"true\" class=\"wp-block-spacer\"><\/div>\n\n\n\n<h3 class=\"wp-block-heading has-text-align-left\">Formation individuelle avec coaching : 5 modules \u00e0 r\u00e9aliser sur 6 \u00e0 8 mois.<\/h3>\n\n\n\n<div style=\"height:25px\" aria-hidden=\"true\" class=\"wp-block-spacer\"><\/div>\n\n\n\n<div class=\"wp-block-columns is-style-default is-layout-flex wp-container-core-columns-is-layout-9d6595d7 wp-block-columns-is-layout-flex\">\n<div class=\"wp-block-column is-layout-flow wp-block-column-is-layout-flow\" style=\"flex-basis:50%\">\n<figure class=\"wp-block-image size-medium is-resized\"><img loading=\"lazy\" decoding=\"async\" width=\"300\" height=\"300\" src=\"https:\/\/4v.fr\/marketing-tourisme\/wp-content\/uploads\/2023\/11\/Sans-titre-300x300.png\" alt=\"\" class=\"wp-image-3954\" style=\"aspect-ratio:1;width:306px;height:auto\" srcset=\"https:\/\/4v.fr\/marketing-tourisme\/wp-content\/uploads\/2023\/11\/Sans-titre-300x300.png 300w, https:\/\/4v.fr\/marketing-tourisme\/wp-content\/uploads\/2023\/11\/Sans-titre-150x150.png 150w, https:\/\/4v.fr\/marketing-tourisme\/wp-content\/uploads\/2023\/11\/Sans-titre-50x50.png 50w, https:\/\/4v.fr\/marketing-tourisme\/wp-content\/uploads\/2023\/11\/Sans-titre.png 645w\" sizes=\"auto, (max-width: 300px) 100vw, 300px\" \/><\/figure>\n<\/div>\n\n\n\n<div class=\"wp-block-column is-layout-flow wp-block-column-is-layout-flow\" style=\"flex-basis:75%\">\n<blockquote class=\"wp-block-quote is-layout-flow wp-block-quote-is-layout-flow\">\n<p id=\"block-b74f895d-4557-4aa5-aa7a-82568c6191cd\"><em><strong>Vous \u00eates un.e dirigeant.e d&rsquo;OGD ?<\/strong><\/em><\/p>\n\n\n\n<p id=\"block-b74f895d-4557-4aa5-aa7a-82568c6191cd\"><em><strong>Int\u00e9grez dans l&rsquo;ADN de votre structure des enjeux de durabilit\u00e9 sp\u00e9cifique aux organismes de gestion de destination, gr\u00e2ce \u00e0 ce parcours de formation et de coaching individuel<\/strong><\/em>.<\/p>\n<cite>V\u00e9ronique VIDAL &#8211; Coach et formatrice<\/cite><\/blockquote>\n<\/div>\n<\/div>\n\n\n\n<div style=\"height:25px\" aria-hidden=\"true\" class=\"wp-block-spacer\"><\/div>\n\n\n\n<div class=\"wp-block-buttons is-layout-flex wp-block-buttons-is-layout-flex\">\n<div class=\"wp-block-button has-custom-width wp-block-button__width-50 has-custom-font-size is-style-outline has-large-font-size is-style-outline--1\"><a class=\"wp-block-button__link has-text-align-center wp-element-button\" href=\"https:\/\/4v.fr\/marketing-tourisme\/wp-content\/uploads\/2023\/11\/4V_Formation-de-dirigeant_RSE.pdf\" style=\"border-radius:26px\" target=\"_blank\" rel=\"noreferrer noopener\"><strong><mark class=\"has-inline-color has-black-color\">PLAQUETTE DE LA FORMATION<\/mark><\/strong><\/a><\/div>\n<\/div>\n\n\n\n<div style=\"height:25px\" aria-hidden=\"true\" class=\"wp-block-spacer\"><\/div>\n\n\n\n<div style=\"height:25px\" aria-hidden=\"true\" class=\"wp-block-spacer\"><\/div>\n\n\n\n<hr class=\"wp-block-separator has-alpha-channel-opacity\" \/>\n\n\n\n<h2 class=\"wp-block-heading\">Un parcours compl\u00e8tement d\u00e9di\u00e9 au dirigeant.e d\u2019OGD<\/h2>\n\n\n\n<div style=\"height:25px\" aria-hidden=\"true\" class=\"wp-block-spacer\"><\/div>\n\n\n\n<p>Vous devez <strong>conduire la mutation de votre structure<\/strong>, l\u2019amener vers ses <strong>responsabilit\u00e9s sociales et environnementales<\/strong> tout en int\u00e9grant des n\u00e9cessit\u00e9s \u00e9conomiques, en tenant compte des ressources, de l\u2019\u00e9quipe, de vos capacit\u00e9s, de vos ambitions, <strong>vous devez int\u00e9grer et agir<\/strong> afin de minimer les impacts n\u00e9gatifs du tourisme sur votre destination.<\/p>\n\n\n\n<p>L\u2019exercice est difficile et n\u00e9cessite une <strong>prise de conscience \u00e0 plusieurs niveaux<\/strong> induisant des mutations internes \u00e0 votre structure, et des<strong> nouveaux paradigmes<\/strong> \u00e0 prendre en compte dans la d\u00e9finition de vos strat\u00e9gies de destination..<\/p>\n\n\n\n<p>Nous \u00e9voluons dans un <strong>environnement en perp\u00e9tuel changement<\/strong>, nous subissons des injonctions paradoxales, les collaborateurs sont de plus en plus volatiles et complexes, tout cela rend la fonction de dirigeant de plus en plus difficile, c\u2019est pourquoi je vous propose <strong>une r\u00e9ponse allant au-del\u00e0 d\u2019une simple formation<\/strong>.<\/p>\n\n\n\n<p>Nous vous proposons <strong>un parcours de formation int\u00e9grant le coaching de dirigeant <\/strong>(espace de parole privil\u00e9gi\u00e9, confidentialit\u00e9, non jugement), int\u00e9grant l\u2019apprentissage d\u2019outils de facilitation, afin d\u2019amener les changements n\u00e9cessaires \u00e0 la structure, aux \u00e9quipes, aux managers\u2026<\/p>\n\n\n\n<div style=\"height:25px\" aria-hidden=\"true\" class=\"wp-block-spacer\"><\/div>\n\n\n\n<hr class=\"wp-block-separator has-alpha-channel-opacity is-style-wide\" \/>\n\n\n\n<div style=\"height:25px\" aria-hidden=\"true\" class=\"wp-block-spacer\"><\/div>\n\n\n\n<h2 class=\"wp-block-heading\">DETAIL DU PARCOURS : \u00ab\u00a0Mener et diriger \u00e0 l\u2019\u00e8re de la RSE\u00a0\u00bb<\/h2>\n\n\n\n<h3 class=\"wp-block-heading\">Formation individuelle : 5 modules, 7 jours, \u00e0 r\u00e9aliser sur 6 \u00e0 8 mois<\/h3>\n\n\n\n<div style=\"height:40px\" aria-hidden=\"true\" class=\"wp-block-spacer\"><\/div>\n\n\n\n<h3 class=\"wp-block-heading\">MODULE 1 : RSE &amp; d\u00e9veloppement durable : de la vision du dirigeant \u00e0 la raison d\u2019\u00eatre de la structure<\/h3>\n\n\n\n<div class=\"wp-block-buttons is-layout-flex wp-block-buttons-is-layout-flex\">\n<div class=\"wp-block-button has-custom-font-size is-style-outline has-medium-font-size is-style-outline--2\"><a class=\"wp-block-button__link wp-element-button\">PRESENTIEL<\/a><\/div>\n\n\n\n<div class=\"wp-block-button has-custom-font-size is-style-outline has-medium-font-size is-style-outline--3\"><a class=\"wp-block-button__link wp-element-button\">1 JOUR<\/a><\/div>\n<\/div>\n\n\n\n<p><\/p>\n\n\n\n<p><strong>Objectif <\/strong>: Remise en question des pratiques, des mod\u00e8les, des r\u00e8gles, de la notion de performance vers une ambition pour l\u2019organisation<\/p>\n\n\n\n<ul class=\"wp-block-list\">\n<li>Les diff\u00e9rents mod\u00e8les pour structure sa d\u00e9marche : RSE, 17 ODD\u2026<\/li>\n\n\n\n<li>Travail sur la vision du dirigeant, dessin de \u00ab la vision du monde RSE\/ RSO \u00bb du dirigeant.<\/li>\n\n\n\n<li>R\u00e9flexion sur l\u2019int\u00e9gration, la participation de l\u2019\u00e9quipe dans la d\u00e9marche de l\u2019organisation<\/li>\n\n\n\n<li>D\u00e9finition de la raison d\u2019\u00eatre : p\u00e9rim\u00e8tre de r\u00e9flexion, m\u00e9thodes individuelles \/ collaboratives, quelle d\u00e9clinaison, utilisation dans la structure ?<\/li>\n\n\n\n<li>Accompagnement \u00e0 la mise en \u0153uvre.<\/li>\n<\/ul>\n\n\n\n<div style=\"height:30px\" aria-hidden=\"true\" class=\"wp-block-spacer\"><\/div>\n\n\n\n<h3 class=\"wp-block-heading\">MODULE 2 : La prise en compte des parties prenantes<\/h3>\n\n\n\n<div class=\"wp-block-buttons is-layout-flex wp-block-buttons-is-layout-flex\">\n<div class=\"wp-block-button has-custom-font-size is-style-outline has-medium-font-size is-style-outline--4\"><a class=\"wp-block-button__link wp-element-button\">PRESENTIEL ou DISTANCIEL<\/a><\/div>\n\n\n\n<div class=\"wp-block-button has-custom-font-size is-style-outline has-medium-font-size is-style-outline--5\"><a class=\"wp-block-button__link wp-element-button\">1 JOUR<\/a><\/div>\n<\/div>\n\n\n\n<p><\/p>\n\n\n\n<p><em>Rappel&nbsp;: <em>Une&nbsp;partie prenante est un acteur, individuel ou collectif, activement ou passivement concern\u00e9 par une d\u00e9cision ou un projet&nbsp;; c&rsquo;est-\u00e0-dire dont les int\u00e9r\u00eats peuvent \u00eatre affect\u00e9s positivement ou n\u00e9gativement \u00e0 la suite de son ex\u00e9cution (ou de sa non-ex\u00e9cution). Les parties prenantes sont essentielles \u00e0 la RSE , il s\u2019agit de d\u00e9tailler les interactions de chacune d\u2019entre elles avec la structure.<\/em><\/em><\/p>\n\n\n\n<p><strong>Objectif <\/strong>: Apprendre \u00e0 identifier et \u00e0 analyser les diff\u00e9rentes parties prenantes pour int\u00e9grer leurs besoins et attentes dans la strat\u00e9gie de l&rsquo;OGD.<\/p>\n\n\n\n<ul class=\"wp-block-list\">\n<li>Pourquoi et comment cartographier des parties prenantes, et leurs attentes<\/li>\n\n\n\n<li>Pourquoi et comment les hi\u00e9rarchiser<\/li>\n\n\n\n<li>Comment les impliquer, qu\u2019en attendre ?<\/li>\n\n\n\n<li>Accompagnement \u00e0 la mise en \u0153uvre.<\/li>\n<\/ul>\n\n\n\n<div style=\"height:30px\" aria-hidden=\"true\" class=\"wp-block-spacer\"><\/div>\n\n\n\n<h3 class=\"wp-block-heading\">MODULE 3 : Le plan d\u2019actions RSE de la structure interne et externe<\/h3>\n\n\n\n<div class=\"wp-block-buttons is-layout-flex wp-block-buttons-is-layout-flex\">\n<div class=\"wp-block-button has-custom-font-size is-style-outline has-medium-font-size is-style-outline--6\"><a class=\"wp-block-button__link wp-element-button\">PRESENTIEL ou DISTANCIEL<\/a><\/div>\n\n\n\n<div class=\"wp-block-button has-custom-font-size is-style-outline has-medium-font-size is-style-outline--7\"><a class=\"wp-block-button__link wp-element-button\">2 JOURS<\/a><\/div>\n<\/div>\n\n\n\n<p><\/p>\n\n\n\n<p><strong>Objectif <\/strong>: D\u00e9finir les grands axes du plan d\u2019actions RSE de la structure.<\/p>\n\n\n\n<ul class=\"wp-block-list\">\n<li>Autodiagnostic : ce que l\u2019on fait d\u00e9j\u00e0 ? ou sont nos app\u00e9tences, nos comp\u00e9tences ?<\/li>\n\n\n\n<li>Choix des axes RSE \u00e0 l\u2019\u00e9chelle de l\u2019organisation : ce sur quoi on peut travailler \u00e0 courts termes, \u00e0 moyens termes, en coh\u00e9rence avec les ressources et ambitions de la structure.<\/li>\n\n\n\n<li>Panorama des 30 actions les plus mises en place, sources d\u2019inspiration pour la structure.<\/li>\n<\/ul>\n\n\n\n<p><strong>D\u00e9clinaison de ses engagements dans sa strat\u00e9gie de destination&nbsp;:<\/strong><\/p>\n\n\n\n<ul class=\"wp-block-list\">\n<li>Par parties prenantes en coh\u00e9rence avec les attentes quant \u00e0 la structure, et \u00e0 leurs besoins.<\/li>\n\n\n\n<li>Focus strat\u00e9gie de destination : quelles d\u00e9clinaisons logiques et n\u00e9cessaires ?<\/li>\n\n\n\n<li>Comment les ambitions nouvelles trouvent elles leur expression dans la strat\u00e9gie de destination orient\u00e9e \u00ab client \u00bb ?<\/li>\n<\/ul>\n\n\n\n<div style=\"height:30px\" aria-hidden=\"true\" class=\"wp-block-spacer\"><\/div>\n\n\n\n<h3 class=\"wp-block-heading\">MODULE 4 : L&rsquo;\u00e9quipe et la RSE<\/h3>\n\n\n\n<div class=\"wp-block-buttons is-layout-flex wp-block-buttons-is-layout-flex\">\n<div class=\"wp-block-button has-custom-font-size is-style-outline has-medium-font-size is-style-outline--8\"><a class=\"wp-block-button__link wp-element-button\">PRESENTIEL ou DISTANCIEL<\/a><\/div>\n\n\n\n<div class=\"wp-block-button has-custom-font-size is-style-outline has-medium-font-size is-style-outline--9\"><a class=\"wp-block-button__link wp-element-button\">2 JOURS<\/a><\/div>\n<\/div>\n\n\n\n<p><\/p>\n\n\n\n<p><strong>Objectif <\/strong>: poser la RSE comme structure \u00e0 la culture d\u2019entreprise et d\u00e9finir sa politique RH.<\/p>\n\n\n\n<p><strong>Cr\u00e9er une culture autour de la RSE<\/strong><\/p>\n\n\n\n<ul class=\"wp-block-list\">\n<li>Quelles appropriations, quelle vie en interne ? Comment d\u00e9ployer de fa\u00e7on transversale la RSE ?<\/li>\n\n\n\n<li>Quels ateliers, d\u00e9marches collectives, collaboratives \u00e0 mener ?<\/li>\n\n\n\n<li>Quelles appropriations dans sa fonction ? Et dans sa relation aux parties prenantes ?<\/li>\n\n\n\n<li>D\u00e9clinaison op\u00e9rationnelle permettant \u00e0 chaque collaborateur de mat\u00e9rialiser, soit dans ses missions historiques soit dans de nouvelles missions, les ambitions RSE de la structure et de la destination.<\/li>\n<\/ul>\n\n\n\n<p><strong>Politique sp\u00e9cifique de Ressources Humaines<\/strong><\/p>\n\n\n\n<ul class=\"wp-block-list\">\n<li>Quels outils d\u2019accompagnement aux managers de la structure ? doter l\u2019ensemble de l\u2019\u00e9quipe d\u2019outils, de mont\u00e9e en comp\u00e9tences.<\/li>\n\n\n\n<li>Les 5 dysfonctions d\u2019une \u00e9quipe au service de la mobilisation des \u00e9quipes, de son efficacit\u00e9, et de sa qualit\u00e9 de vie au travail.<\/li>\n\n\n\n<li>Panorama des enjeux RH et identification des leviers \u00e0 actionner.<\/li>\n\n\n\n<li>Qualit\u00e9 de vie au travail : quels besoins, quelles intentions, quels outils de suivi ?<\/li>\n<\/ul>\n\n\n\n<div style=\"height:30px\" aria-hidden=\"true\" class=\"wp-block-spacer\"><\/div>\n\n\n\n<h3 class=\"wp-block-heading\">MODULE 5 : Focus \u00ab\u00a0management\u00a0\u00bb du dirigeant<\/h3>\n\n\n\n<div class=\"wp-block-buttons is-layout-flex wp-block-buttons-is-layout-flex\">\n<div class=\"wp-block-button has-custom-font-size is-style-outline has-medium-font-size is-style-outline--10\"><a class=\"wp-block-button__link wp-element-button\">PRESENTIEL ou DISTANCIEL<\/a><\/div>\n\n\n\n<div class=\"wp-block-button has-custom-font-size is-style-outline has-medium-font-size is-style-outline--11\"><a class=\"wp-block-button__link wp-element-button\">1 JOUR<\/a><\/div>\n<\/div>\n\n\n\n<p><\/p>\n\n\n\n<p><strong>Objectif <\/strong>: Accompagner le dirigeant dans sa fonction de leader dans une organisation en mutation.<\/p>\n\n\n\n<ul class=\"wp-block-list\">\n<li>Mieux se comprendre et comprendre les autres pour mieux manager : l\u2019outil DISC pour manager<\/li>\n\n\n\n<li>R\u00e9alisation du questionnaire DISC sp\u00e9cial management et d\u00e9brief personnel<\/li>\n\n\n\n<li>Comprendre et appliquer les principes de la communication non violente (CNV) dans le cadre de son management<\/li>\n\n\n\n<li>Quels sont les 3 pouvoirs du manager ? Quelles limites et potentiel de chacun ?<\/li>\n\n\n\n<li>Focus sur trois outils puissants \u00e0 disposition du dirigeant : entretien, feedback, coaching.<\/li>\n<\/ul>\n\n\n\n<div style=\"height:25px\" aria-hidden=\"true\" class=\"wp-block-spacer\"><\/div>\n\n\n\n<hr class=\"wp-block-separator has-alpha-channel-opacity\" \/>\n\n\n\n<div style=\"height:25px\" aria-hidden=\"true\" class=\"wp-block-spacer\"><\/div>\n\n\n\n<h2 class=\"wp-block-heading\">BONUS DU PARCOURS : Outil it\u00e9ratif en ligne<\/h2>\n\n\n\n<h4 class=\"wp-block-heading\">Utilisation d\u2019un outil collaboratif (Board Klaxoon) tout au long de la formation afin de poser les \u00e9l\u00e9ments de r\u00e9flexion, de garder le cheminement qui am\u00e8ne \u00e0 \u00ab la RSE dans notre structure \u00bb et de construire son projet de module en module.<\/h4>\n\n\n\n<div style=\"height:24px\" aria-hidden=\"true\" class=\"wp-block-spacer\"><\/div>\n\n\n\n<figure class=\"wp-block-image size-large\"><a href=\"https:\/\/4v.fr\/marketing-tourisme\/wp-content\/uploads\/2023\/11\/619cef5c40cb89ced733f98f_Board-article-florence-vallet-1600x900-2-1-1.png\"><img loading=\"lazy\" decoding=\"async\" width=\"1024\" height=\"502\" src=\"https:\/\/4v.fr\/marketing-tourisme\/wp-content\/uploads\/2023\/11\/619cef5c40cb89ced733f98f_Board-article-florence-vallet-1600x900-2-1-1-1024x502.png\" alt=\"\" class=\"wp-image-3989\" srcset=\"https:\/\/4v.fr\/marketing-tourisme\/wp-content\/uploads\/2023\/11\/619cef5c40cb89ced733f98f_Board-article-florence-vallet-1600x900-2-1-1-1024x502.png 1024w, https:\/\/4v.fr\/marketing-tourisme\/wp-content\/uploads\/2023\/11\/619cef5c40cb89ced733f98f_Board-article-florence-vallet-1600x900-2-1-1-300x147.png 300w, https:\/\/4v.fr\/marketing-tourisme\/wp-content\/uploads\/2023\/11\/619cef5c40cb89ced733f98f_Board-article-florence-vallet-1600x900-2-1-1-768x376.png 768w, https:\/\/4v.fr\/marketing-tourisme\/wp-content\/uploads\/2023\/11\/619cef5c40cb89ced733f98f_Board-article-florence-vallet-1600x900-2-1-1.png 1472w\" sizes=\"auto, (max-width: 1024px) 100vw, 1024px\" \/><\/a><\/figure>\n\n\n\n<p>Cr\u00e9ation d\u2019un board en ligne, personnel, it\u00e9ratif, adapt\u00e9 au mindset du dirigeant (nuage de mots, carte mentale, matrices\u2026) afin de rassembler tous les cheminements, questionnements, d\u00e9cisions\u2026 abord\u00e9s lors du parcours. <strong>L\u2019acc\u00e8s \u00e0 cet outil reste actif, exportable et modifiable un an apr\u00e8s la fin de la formation.<\/strong><\/p>\n\n\n\n<div style=\"height:25px\" aria-hidden=\"true\" class=\"wp-block-spacer\"><\/div>\n\n\n\n<div style=\"height:25px\" aria-hidden=\"true\" class=\"wp-block-spacer\"><\/div>\n\n\n\n<hr class=\"wp-block-separator has-alpha-channel-opacity\" \/>\n\n\n\n<div style=\"height:25px\" aria-hidden=\"true\" class=\"wp-block-spacer\"><\/div>\n\n\n\n<h2 class=\"wp-block-heading\">MODALITES BUDGETAIRES<\/h2>\n\n\n\n<h3 class=\"wp-block-heading\">OPTION 1 : AUTO-FINANCEMENT<\/h3>\n\n\n\n<p><em>(vous ne souhaitez pas ou vous ne pouvez pas mobiliser de fonds de formation)<\/em><\/p>\n\n\n\n<p><\/p>\n\n\n\n<p><strong>Co\u00fbt global : 7.990,00\u20ac HT\/TTC (pas d\u2019application de TVA*)<\/strong><\/p>\n\n\n\n<p>Ces frais p\u00e9dagogiques couvrent :<\/p>\n\n\n\n<ul class=\"wp-block-list\">\n<li>Les 5 modules de formation et le coaching r\u00e9alis\u00e9s sur une p\u00e9riode de 6 \u00e0 8 mois<\/li>\n\n\n\n<li>Les documents, les outils et les supports p\u00e9dagogiques des 5 modules<\/li>\n\n\n\n<li>L\u2019acc\u00e8s au Board Klaxoon pendant tout le parcours et pendant 1 an suite \u00e0 la formation<\/li>\n\n\n\n<li>La production de l\u2019attestation officielle de formation de fin de parcours<\/li>\n<\/ul>\n\n\n\n<p>Les frais de d\u00e9placement du module 1, et \u00e9ventuellement d\u2019autres(s) module(s), sont factur\u00e9s en suppl\u00e9ment et calcul\u00e9s au r\u00e9el. L\u2019int\u00e9gration du co\u00fbt carbone pour compensation vous sera \u00e9galement propos\u00e9e et laiss\u00e9e \u00e0 votre choix.<\/p>\n\n\n\n<div style=\"height:25px\" aria-hidden=\"true\" class=\"wp-block-spacer\"><\/div>\n\n\n\n<h3 class=\"wp-block-heading\">OPTION 2 : FINANCEMENT VIA UN FONDS DE FORMATION<\/h3>\n\n\n\n<p><em>(vous souhaitez mobiliser un fonds de formation, un OPCO, le FNE&#8230;)<\/em><\/p>\n\n\n\n<p><\/p>\n\n\n\n<p><strong>Co\u00fbt global : 10.490,00\u20ac HT\/TTC (pas d\u2019application de TVA*)<\/strong><\/p>\n\n\n\n<p>Ces frais p\u00e9dagogiques couvrent :<\/p>\n\n\n\n<ul class=\"wp-block-list\">\n<li>La production des \u00e9l\u00e9ments administratifs vous permettant de solliciter votre fonds de formation<\/li>\n\n\n\n<li>Les tests en ligne pour \u00e9valuer le niveau du stagiaire avant la formation.<\/li>\n\n\n\n<li>Les 5 modules de formation et de coaching r\u00e9alis\u00e9s sur une p\u00e9riode de 6 \u00e0 8 mois<\/li>\n\n\n\n<li>L\u2019\u00e9valuation de la progression du stagiaire \u00e0 l\u2019issue de chacun des 5 modules<\/li>\n\n\n\n<li>Les documents, les outils et les supports p\u00e9dagogiques des 5 modules<\/li>\n\n\n\n<li>L\u2019acc\u00e8s au Board Klaxoon pendant tout le parcours et pendant 1 an suite \u00e0 la formation<\/li>\n\n\n\n<li>Les deux tests en ligne pour \u00e9valuer le niveau du stagiaire \u00e0 l\u2019issue de la formation (un imm\u00e9diatement apr\u00e8s la formation, un autre 6 mois apr\u00e8s la formation)<\/li>\n\n\n\n<li>La production de la synth\u00e8se des \u00e9l\u00e9ments administratifs de cl\u00f4ture du dossier de formation<\/li>\n\n\n\n<li>La production de l\u2019attestation officielle de formation de fin de parcours<\/li>\n<\/ul>\n\n\n\n<p>Les frais de d\u00e9placement du module 1, et \u00e9ventuellement d\u2019autres(s) module(s), sont factur\u00e9s en suppl\u00e9ment et calcul\u00e9s au r\u00e9el. L\u2019int\u00e9gration du co\u00fbt carbone pour compensation vous sera \u00e9galement propos\u00e9e et laiss\u00e9e \u00e0 votre choix.<\/p>\n\n\n\n<div style=\"height:25px\" aria-hidden=\"true\" class=\"wp-block-spacer\"><\/div>\n\n\n\n<hr class=\"wp-block-separator has-alpha-channel-opacity\" \/>\n\n\n\n<div style=\"height:25px\" aria-hidden=\"true\" class=\"wp-block-spacer\"><\/div>\n\n\n\n<p>* <em>Le Cabinet 4V dispose d\u2019un num\u00e9ro d\u2019agr\u00e9ment de formateur (N\u00b091340601434), de la certification QUALIOPI via sa marque id-rezo et d\u2019une exon\u00e9ration d\u2019application de la TVA accord\u00e9e par les services fiscaux pour toutes ses actions de formation.<\/em><\/p>\n\n\n<div class=\"wp-block-image\">\n<figure class=\"aligncenter size-full\"><a href=\"https:\/\/4v.fr\/marketing-tourisme\/wp-content\/uploads\/2021\/11\/Logo-Qualiopi-150dpi-Avec-Marianne.jpg\"><img loading=\"lazy\" decoding=\"async\" width=\"317\" height=\"170\" src=\"https:\/\/4v.fr\/marketing-tourisme\/wp-content\/uploads\/2021\/11\/Logo-Qualiopi-150dpi-Avec-Marianne.jpg\" alt=\"\" class=\"wp-image-3377\" srcset=\"https:\/\/4v.fr\/marketing-tourisme\/wp-content\/uploads\/2021\/11\/Logo-Qualiopi-150dpi-Avec-Marianne.jpg 317w, https:\/\/4v.fr\/marketing-tourisme\/wp-content\/uploads\/2021\/11\/Logo-Qualiopi-150dpi-Avec-Marianne-300x161.jpg 300w\" sizes=\"auto, (max-width: 317px) 100vw, 317px\" \/><\/a><\/figure>\n<\/div>\n\n\n<div style=\"height:25px\" aria-hidden=\"true\" class=\"wp-block-spacer\"><\/div>\n\n\n\n<hr class=\"wp-block-separator has-alpha-channel-opacity\" \/>\n\n\n\n<div style=\"height:25px\" aria-hidden=\"true\" class=\"wp-block-spacer\"><\/div>\n\n\n\n<div data-wp-interactive=\"core\/file\" class=\"wp-block-file\"><object data-wp-bind--hidden=\"!state.hasPdfPreview\" hidden class=\"wp-block-file__embed\" data=\"https:\/\/4v.fr\/marketing-tourisme\/wp-content\/uploads\/2023\/11\/4V_Formation-de-dirigeant_RSE.pdf\" type=\"application\/pdf\" style=\"width:100%;height:759px\" aria-label=\"Contenu embarqu\u00e9 Plaquette de la formation.\"><\/object><a id=\"wp-block-file--media-90f272b9-a337-412b-be36-29e0d9adb0c2\" href=\"https:\/\/4v.fr\/marketing-tourisme\/wp-content\/uploads\/2023\/11\/4V_Formation-de-dirigeant_RSE.pdf\">Plaquette de la formation<\/a><a href=\"https:\/\/4v.fr\/marketing-tourisme\/wp-content\/uploads\/2023\/11\/4V_Formation-de-dirigeant_RSE.pdf\" class=\"wp-block-file__button wp-element-button\" download aria-describedby=\"wp-block-file--media-90f272b9-a337-412b-be36-29e0d9adb0c2\">T\u00e9l\u00e9charger<\/a><\/div>\n","protected":false},"excerpt":{"rendered":"<p>Formation et coaching du dirigeant d&rsquo;OGD Mener et diriger \u00e0 l&rsquo;\u00e8re de la RSE Formation individuelle avec coaching : 5 modules \u00e0 r\u00e9aliser sur 6&hellip; <br \/> <a class=\"read-more\" href=\"https:\/\/4v.fr\/marketing-tourisme\/mener-et-diriger-a-lere-de-la-rse\/\">Lire la suite<\/a><\/p>\n","protected":false},"author":3,"featured_media":3954,"parent":0,"menu_order":0,"comment_status":"closed","ping_status":"closed","template":"","meta":{"_monsterinsights_skip_tracking":false,"_monsterinsights_sitenote_active":false,"_monsterinsights_sitenote_note":"","_monsterinsights_sitenote_category":0,"slim_seo":{"title":"Mener et diriger \u00e0 l'\u00e8re de la RSE - 4V Tourisme Marketing Etude Enquete Conseil Formation Coaching Conf\u00e9rence","description":"Formation et coaching du dirigeant d'OGD Mener et diriger \u00e0 l'\u00e8re de la RSE Formation individuelle avec coaching : 5 modules \u00e0 r\u00e9aliser sur 6 \u00e0 8 mois. Vous \u00eate"},"footnotes":""},"wf_page_folders":[],"class_list":["post-3898","page","type-page","status-publish","has-post-thumbnail","hentry"],"_links":{"self":[{"href":"https:\/\/4v.fr\/marketing-tourisme\/wp-json\/wp\/v2\/pages\/3898","targetHints":{"allow":["GET"]}}],"collection":[{"href":"https:\/\/4v.fr\/marketing-tourisme\/wp-json\/wp\/v2\/pages"}],"about":[{"href":"https:\/\/4v.fr\/marketing-tourisme\/wp-json\/wp\/v2\/types\/page"}],"author":[{"embeddable":true,"href":"https:\/\/4v.fr\/marketing-tourisme\/wp-json\/wp\/v2\/users\/3"}],"replies":[{"embeddable":true,"href":"https:\/\/4v.fr\/marketing-tourisme\/wp-json\/wp\/v2\/comments?post=3898"}],"version-history":[{"count":0,"href":"https:\/\/4v.fr\/marketing-tourisme\/wp-json\/wp\/v2\/pages\/3898\/revisions"}],"wp:featuredmedia":[{"embeddable":true,"href":"https:\/\/4v.fr\/marketing-tourisme\/wp-json\/wp\/v2\/media\/3954"}],"wp:attachment":[{"href":"https:\/\/4v.fr\/marketing-tourisme\/wp-json\/wp\/v2\/media?parent=3898"}],"wp:term":[{"taxonomy":"wf_page_folders","embeddable":true,"href":"https:\/\/4v.fr\/marketing-tourisme\/wp-json\/wp\/v2\/wf_page_folders?post=3898"}],"curies":[{"name":"wp","href":"https:\/\/api.w.org\/{rel}","templated":true}]}}